{"id":4509,"date":"2024-06-09T11:02:53","date_gmt":"2024-06-09T11:02:53","guid":{"rendered":"https:\/\/sauzedoulx.net\/sauze-doulx\/sauze-et-ses-champions\/"},"modified":"2024-11-13T14:39:05","modified_gmt":"2024-11-13T14:39:05","slug":"sauze-et-ses-champions","status":"publish","type":"page","link":"https:\/\/sauzedoulx.net\/fr\/sauze-doulx\/sauze-et-ses-champions\/","title":{"rendered":"Sauze et ses Champions"},"content":{"rendered":"\n<style type=\"text\/css\" data-created_by=\"avia_inline_auto\" id=\"style-css-av-m0v809i0-aba0e878bd955c0c71e5275c73c161ff\">\n.avia-section.av-m0v809i0-aba0e878bd955c0c71e5275c73c161ff{\nbackground-repeat:no-repeat;\nbackground-image:url(https:\/\/sauzedoulx.net\/wp-content\/uploads\/2024\/09\/gold-1500x630-1.jpg);\nbackground-position:50% 50%;\nbackground-attachment:scroll;\n}\n<\/style>\n<div id='av_section_1'  class='avia-section av-m0v809i0-aba0e878bd955c0c71e5275c73c161ff main_color avia-section-default avia-no-border-styling  avia-builder-el-0  el_before_av_layout_row  avia-builder-el-first  av-medium-hide av-small-hide av-mini-hide avia-full-stretch avia-bg-style-scroll av-minimum-height av-minimum-height-50 av-height-50  container_wrap fullsize'  data-section-bg-repeat='stretch' data-av_minimum_height_pc='50' data-av_min_height_opt='50'><div class='container av-section-cont-open' ><main  role=\"main\" itemprop=\"mainContentOfPage\"  class='template-page content  av-content-full alpha units'><div class='post-entry post-entry-type-page post-entry-4509'><div class='entry-content-wrapper clearfix'>\n<\/div><\/div><\/main><!-- close content main element --><\/div><\/div><div id='av-layout-grid-1'  class='av-layout-grid-container av-8oa2k-dd7a6666772188ac74e4fc580bb75aab entry-content-wrapper main_color av-fixed-cells  avia-builder-el-1  el_after_av_section  el_before_av_section  av-cell-min-height av-cell-min-height-50 grid-row-not-first av-desktop-hide container_wrap fullsize'   data-av_minimum_height_pc='50'>\n\n<style type=\"text\/css\" data-created_by=\"avia_inline_auto\" id=\"style-css-av-m0v80jnv-074bdb6c83158ab733407144418ac055\">\n.flex_cell.av-m0v80jnv-074bdb6c83158ab733407144418ac055{\nvertical-align:top;\nbackground:url(https:\/\/sauzedoulx.net\/wp-content\/uploads\/2024\/09\/gold-1500x630-1-1030x433.jpg) 50% 50% no-repeat scroll ;\n}\n.responsive #top #wrap_all .flex_cell.av-m0v80jnv-074bdb6c83158ab733407144418ac055{\npadding:0px 0px 0px 0px !important;\n}\n<\/style>\n<div class='flex_cell av-m0v80jnv-074bdb6c83158ab733407144418ac055 av-gridrow-cell av_one_full no_margin  avia-builder-el-2  avia-builder-el-no-sibling  av-zero-padding avia-full-stretch'  ><div class='flex_cell_inner'><\/div><\/div>\n<\/div>\n<p>\n<style type=\"text\/css\" data-created_by=\"avia_inline_auto\" id=\"style-css-av-4pbrbg-04b8148d338695d0bb838e1cb259abca\">\n.avia-section.av-4pbrbg-04b8148d338695d0bb838e1cb259abca{\nbackground-color:#f8f8f8;\nbackground-image:unset;\n}\n<\/style>\n<div id='av_section_2'  class='avia-section av-4pbrbg-04b8148d338695d0bb838e1cb259abca main_color avia-section-default avia-no-shadow  avia-builder-el-3  el_after_av_layout_row  el_before_av_section  avia-bg-style-scroll container_wrap fullsize'  ><div class='container av-section-cont-open' ><div class='template-page content  av-content-full alpha units'><div class='post-entry post-entry-type-page post-entry-4509'><div class='entry-content-wrapper clearfix'>\n<div  class='flex_column av-4kckp8-0d675299e04f3bf4bbd58ef5272c60b5 av_one_full  avia-builder-el-4  avia-builder-el-no-sibling  first flex_column_div  '     ><section  class='av_textblock_section av-m0v7anch-69e9820f0cdcb138ddacb3960fc616cb '   itemscope=\"itemscope\" itemtype=\"https:\/\/schema.org\/CreativeWork\" ><div class='avia_textblock'  itemprop=\"text\" ><h1 style=\"text-align: center;\">Sauze et ses Champions<\/h1>\n<h3 style=\"text-align: center;\">CHAMPIONS OLYMPIQUE ET MEDAILLES D\u2019OR<\/h3>\n<p style=\"text-align: center;\">Sauze d\u2019Oulx a des athl\u00e8tes de haut niveau encore habill\u00e9s ou habill\u00e9s aux couleurs de l\u2019\u00e9quipe nationale italienne. C\u2019est une terre de championnat de ski alpin et de snowboard, d\u2019instructeurs nationaux, de guides alpins et de VTT.<\/p>\n<p style=\"text-align: center;\">Parmi eux, Sauze d\u2019Oulx comprend trois m\u00e9dailles d\u2019or et deux champions olympiques:<\/p>\n<p style=\"text-align: center;\">Piero Gros<\/p>\n<p style=\"text-align: center;\">Andrea Tiberi<\/p>\n<p style=\"text-align: center;\">Jazmine Erta<\/p>\n<p style=\"text-align: center;\">Matteo Eydallin<\/p>\n<\/div><\/section><\/div>\n<\/div><\/div><\/div><!-- close content main div --><\/div><\/div>\n<style type=\"text\/css\" data-created_by=\"avia_inline_auto\" id=\"style-css-av-4bksn8-05f714eaed91b7fb6346b79ff5cf18e3\">\n.avia-section.av-4bksn8-05f714eaed91b7fb6346b79ff5cf18e3{\nbackground-color:#ffffff;\nbackground-image:unset;\n}\n<\/style>\n<div id='av_section_3'  class='avia-section av-4bksn8-05f714eaed91b7fb6346b79ff5cf18e3 main_color avia-section-default avia-no-shadow  avia-builder-el-6  el_after_av_section  el_before_av_section  avia-bg-style-scroll container_wrap fullsize'  ><div class='container av-section-cont-open' ><div class='template-page content  av-content-full alpha units'><div class='post-entry post-entry-type-page post-entry-4509'><div class='entry-content-wrapper clearfix'>\n<div  class='flex_column av-3x4fmc-e418cd71a49b09893506762e1c4f4250 av_one_full  avia-builder-el-7  el_before_av_one_full  avia-builder-el-first  first flex_column_div  '     ><section  class='av_textblock_section av-m0v7bad1-c04e43c23b78040bd59673c423afd26b '   itemscope=\"itemscope\" itemtype=\"https:\/\/schema.org\/CreativeWork\" ><div class='avia_textblock'  itemprop=\"text\" ><div class=\"leftaligncenter\">\n<h2>Piero Gros<\/h2>\n<p>Piero Gros est un ancien champion de ski alpin italien qui remporta une m\u00e9daille d\u2019or aux Championnats du Monde de 1974 et Jeux Olympiques d\u2019hiver de 1976 \u00e0 Innsbruck. \u00ab Piero Gros n\u00e9 \u00e0 Sauze d\u2019Oulx et fit ses d\u00e9buts internationaux lors de la Coupe du Monde de 1972. Lors de cette m\u00eame saison, il remporta deux courses \u00e0 Val d\u2019Is\u00e8re et Madonna di Campiglio. A 18 ans, il \u00e9tait le plus jeune skieur italien \u00e0 avoir remport\u00e9 une victoire en Coupe du Monde. Deux ann\u00e9es plus tard il remporta la Coupe du Monde. En 1974, il remporta \u00e9galement une m\u00e9daille de bronze en slalom g\u00e9ant lors des Championnats du Monde \u00e0 St Moritz \u00bb. Son r\u00e9sultat le plus marquant fut sa m\u00e9daille d\u2019or dans le slalom des Jeux Olympiques d\u2019hiver de 1976 devant Gustav Th\u00f6ni. Pour Piero Gros cette course \u00e9tait \u00e9galement marquante parce qu\u2019il r\u00e9ussit \u00e0 battre l\u2019imbattable Ingemar Stenmark. Piero Gros signe son dernier exploit aux Championnats du Monde de 1978 \u00e0 Garmisch avec une m\u00e9daille d\u2019argent en slalom. Dans sa carri\u00e8re, Piero Gros remporta un total de 12 courses en Coupe du Monde, 7 slaloms g\u00e9ants et 5 slalom. Il se retira de la comp\u00e9tition internationale en 1982, \u00e0 l\u2019\u00e2ge de 27 ans. De 1985 \u00e0 1990 il fut maire de Sauze d\u2019Oulx. Il travailla \u00e9galement comme commentateur sportif pour diff\u00e9rentes t\u00e9l\u00e9visions, y compris RAI. Il a collabor\u00e9 \u00e0 la r\u00e9alisation des Championnats du Monde de Sestriere en 1997 et des Jeux Olympiques d\u2019Hiver \u2013 Turin 2006, o\u00f9 il \u00e9tait le protagoniste du relais de la flamme olympique lors de la c\u00e9r\u00e9monie d\u2019ouverture des Jeux.<\/p>\n<\/div>\n<\/div><\/section><\/div><div class='flex_column_table av-49wlz8-131d6cc0064c3f18635184d7ec272f7d sc-av_one_full av-equal-height-column-flextable'>\n<style type=\"text\/css\" data-created_by=\"avia_inline_auto\" id=\"style-css-av-49wlz8-131d6cc0064c3f18635184d7ec272f7d\">\n.flex_column.av-49wlz8-131d6cc0064c3f18635184d7ec272f7d{\nwidth:100%;\nmargin-left:0;\n}\n#top .flex_column_table.av-equal-height-column-flextable.av-49wlz8-131d6cc0064c3f18635184d7ec272f7d .av-flex-placeholder{\nwidth:0%;\n}\n<\/style>\n<div  class='flex_column av-49wlz8-131d6cc0064c3f18635184d7ec272f7d av_one_full  avia-builder-el-9  el_after_av_one_full  avia-builder-el-last  first flex_column_table_cell av-equal-height-column av-align-middle  column-top-margin'     ><div  class='avia-video av-opoc4-7179e2e892c44fc271a7b5a6aa6fd620 avia-video-16-9 av-no-preview-image avia-video-load-always av-lazyload-immediate av-lazyload-video-embed'  itemprop=\"video\" itemtype=\"https:\/\/schema.org\/VideoObject\"  data-original_url='https:\/\/www.youtube.com\/watch?v=8huU-55kWX8'><script type='text\/html' class='av-video-tmpl'><div class='avia-iframe-wrap'><iframe loading=\"lazy\" title=\"Sauze Gold - Piero Gros\" width=\"1500\" height=\"844\" src=\"https:\/\/www.youtube.com\/embed\/8huU-55kWX8?feature=oembed&autoplay=0&loop=0&controls=1&mute=0\" frameborder=\"0\" allow=\"accelerometer; autoplay; clipboard-write; encrypted-media; gyroscope; picture-in-picture; web-share\" referrerpolicy=\"strict-origin-when-cross-origin\" allowfullscreen><\/iframe><\/div><\/script><div class='av-click-to-play-overlay'><div class=\"avia_playpause_icon\"><\/div><\/div><\/div><\/div><\/div><!--close column table wrapper. Autoclose: 1 -->\n<\/p>\n<\/div><\/div><\/div><!-- close content main div --><\/div><\/div>\n<style type=\"text\/css\" data-created_by=\"avia_inline_auto\" id=\"style-css-av-3of85o-911aecb69e395947152e01b9cd9c86f3\">\n.avia-section.av-3of85o-911aecb69e395947152e01b9cd9c86f3{\nbackground-color:#f8f8f8;\nbackground-image:unset;\n}\n<\/style>\n<div id='av_section_4'  class='avia-section av-3of85o-911aecb69e395947152e01b9cd9c86f3 main_color avia-section-default avia-no-shadow  avia-builder-el-11  el_after_av_section  el_before_av_section  avia-bg-style-scroll container_wrap fullsize'  ><div class='container av-section-cont-open' ><div class='template-page content  av-content-full alpha units'><div class='post-entry post-entry-type-page post-entry-4509'><div class='entry-content-wrapper clearfix'>\n<div class='flex_column_table av-3hnedo-f87b1d54c3b1e1c42d0f1da67c649c38 sc-av_one_full av-break-at-tablet-flextable av-equal-height-column-flextable'><div  class='flex_column av-3hnedo-f87b1d54c3b1e1c42d0f1da67c649c38 av_one_full  avia-builder-el-12  el_before_av_image  avia-builder-el-first  first av-break-at-tablet flex_column_table_cell av-equal-height-column av-align-middle  '     ><section  class='av_textblock_section av-2yofyk-373475d96699ed9cdde5b238b3eb2a12 '   itemscope=\"itemscope\" itemtype=\"https:\/\/schema.org\/CreativeWork\" ><div class='avia_textblock'  itemprop=\"text\" ><div class=\"leftaligncenter\">\n<h2>Andrea Tiberi<\/h2>\n<p>Andrea Tiberi a commenc\u00e9 \u00e0 conduire le VTT \u00e0 l\u2019\u00e2ge de 11 ans. Devenu professionnel en 2004, au cours des 13 derni\u00e8res ann\u00e9es il a fait partie de l\u2019Equipe Nationale Italienne VTT, il a particip\u00e9 \u00e0 14 Championnats d\u2019Europe et 13 Championnats du Monde et il a concouru sur de grands circuits nationaux et internationaux, dont la VTT Coupe du Monde. En 2016, il a particip\u00e9 aux Jeux Olympiques de Rio. Conseiller F\u00e9d\u00e9ral de la FCI pour la p\u00e9riode de quatre ans 2013-2016, il est entra\u00eeneur national VTT depuis 2006. R\u00e9sultats 2016 25\u00e8me Coupe du Monde \u00e0 Cairns (AUS)<br \/>\n 24\u00e8me Coupe du Monde \u00e0 Albstadt (GER)<br \/>\n 4\u00e8me Championnats Nationaux<br \/>\n 25\u00e8me Championnats du Monde de Nove Mesto (CZE)<br \/>\n 16\u00e8me Coupe du Monde \u00e0 Lenzerheide (SUI)<br \/>\n19\u00e8me Jeux Olympiques de Rio 2016<br \/>\n 1er \u201cLa Vecia Ferovia della Val di Fiemme\u201d \u2013 Molina de Fiemme (TN)<br \/>\n1er \u201cClavierissima\u201d \u2013 Claviere (TO)   <\/p>\n<\/div>\n<\/div><\/section><\/div><\/div><!--close column table wrapper. Autoclose: 1 -->\n<style type=\"text\/css\" data-created_by=\"avia_inline_auto\" id=\"style-css-av-m0wntt8r-e06683533b0c7b7c21f862345440a507\">\n.avia-image-container.av-m0wntt8r-e06683533b0c7b7c21f862345440a507 img.avia_image{\nbox-shadow:none;\n}\n.avia-image-container.av-m0wntt8r-e06683533b0c7b7c21f862345440a507 .av-image-caption-overlay-center{\ncolor:#ffffff;\n}\n<\/style>\n<div  class='avia-image-container av-m0wntt8r-e06683533b0c7b7c21f862345440a507 av-styling- avia-align-center  avia-builder-el-14  el_after_av_one_full  avia-builder-el-last '   itemprop=\"image\" itemscope=\"itemscope\" itemtype=\"https:\/\/schema.org\/ImageObject\" ><div class=\"avia-image-container-inner\"><div class=\"avia-image-overlay-wrap\"><img decoding=\"async\" fetchpriority=\"high\" class='wp-image-2325 avia-img-lazy-loading-not-2325 avia_image ' src=\"https:\/\/sauzedoulx.net\/wp-content\/uploads\/2024\/09\/andrea-1030x539-1.jpg\" alt='' title='andrea-1030x539'  height=\"539\" width=\"1030\"  itemprop=\"thumbnailUrl\" srcset=\"https:\/\/sauzedoulx.net\/wp-content\/uploads\/2024\/09\/andrea-1030x539-1.jpg 1030w, https:\/\/sauzedoulx.net\/wp-content\/uploads\/2024\/09\/andrea-1030x539-1-300x157.jpg 300w, https:\/\/sauzedoulx.net\/wp-content\/uploads\/2024\/09\/andrea-1030x539-1-768x402.jpg 768w, https:\/\/sauzedoulx.net\/wp-content\/uploads\/2024\/09\/andrea-1030x539-1-705x369.jpg 705w\" sizes=\"(max-width: 1030px) 100vw, 1030px\" \/><\/div><\/div><\/div>\n\n<\/div><\/div><\/div><!-- close content main div --><\/div><\/div>\n<style type=\"text\/css\" data-created_by=\"avia_inline_auto\" id=\"style-css-av-2b4uc-020468e34dd961b0e965b604fc97b023\">\n.avia-section.av-2b4uc-020468e34dd961b0e965b604fc97b023{\nbackground-color:#ffffff;\nbackground-image:unset;\n}\n<\/style>\n<div id='av_section_5'  class='avia-section av-2b4uc-020468e34dd961b0e965b604fc97b023 main_color avia-section-default avia-no-shadow  avia-builder-el-15  el_after_av_section  el_before_av_section  avia-bg-style-scroll container_wrap fullsize'  ><div class='container av-section-cont-open' ><div class='template-page content  av-content-full alpha units'><div class='post-entry post-entry-type-page post-entry-4509'><div class='entry-content-wrapper clearfix'>\n<div  class='flex_column av-fhggk-cb2275b095bf07f3b9f315243f6df69d av_one_full  avia-builder-el-16  el_before_av_one_full  avia-builder-el-first  first flex_column_div  '     ><section  class='av_textblock_section av-m0wnuwte-61666a6202aaeed7c4576d39d19c0bcb '   itemscope=\"itemscope\" itemtype=\"https:\/\/schema.org\/CreativeWork\" ><div class='avia_textblock'  itemprop=\"text\" ><div class=\"leftaligncenter\">\n<h2>Jazmine Erta<\/h2>\n<p>Jazmine Erta, n\u00e9e en 1999, a gagn\u00e9 deux fois les Championnats du Monde Junior Freeride en 2015 et 2016. Les \u00e9v\u00e9nements qui ont eu lieu \u00e0 Grandvilara, en Andorre, ont fait de Jazmine l\u2019un des jeunes snowboarders freestyle les plus talentueux. Jazmine a battu des concurrents espagnols, suisses et am\u00e9ricains et a gagn\u00e9 avec 70,00 points contre 56,50 de son plus proche rival. Jazmine a \u00e9galement obtenu la m\u00e9daille de bronze aux International Children\u2019s Winter Games qui se sont d\u00e9roul\u00e9s \u00e0 Oufa en Russie en 2013. En 2012, il a gagn\u00e9 les comp\u00e9titions de slopestyle et de big air aux Championnats d\u2019Italie.<\/p>\n<\/div>\n<\/div><\/section><\/div><div class='flex_column_table av-9joh0-d5547bc9ea69818556666bcf4148cf34 sc-av_one_full av-equal-height-column-flextable'>\n<style type=\"text\/css\" data-created_by=\"avia_inline_auto\" id=\"style-css-av-9joh0-d5547bc9ea69818556666bcf4148cf34\">\n.flex_column.av-9joh0-d5547bc9ea69818556666bcf4148cf34{\nwidth:100%;\nmargin-left:0;\n}\n#top .flex_column_table.av-equal-height-column-flextable.av-9joh0-d5547bc9ea69818556666bcf4148cf34 .av-flex-placeholder{\nwidth:0%;\n}\n<\/style>\n<div  class='flex_column av-9joh0-d5547bc9ea69818556666bcf4148cf34 av_one_full  avia-builder-el-18  el_after_av_one_full  avia-builder-el-last  first flex_column_table_cell av-equal-height-column av-align-middle  column-top-margin'     ><div  class='avia-video av-m0v7ddd6-1bcf32e4bbfd2a8dad71436b589f355b avia-video-16-9 av-no-preview-image avia-video-load-always av-lazyload-immediate av-lazyload-video-embed'  itemprop=\"video\" itemtype=\"https:\/\/schema.org\/VideoObject\"  data-original_url='https:\/\/www.youtube.com\/watch?v=ylhZ2gi51r4&amp;t'><script type='text\/html' class='av-video-tmpl'><div class='avia-iframe-wrap'><iframe loading=\"lazy\" title=\"Sauze Gold - Jazmine Erta\" width=\"1500\" height=\"844\" src=\"https:\/\/www.youtube.com\/embed\/ylhZ2gi51r4?feature=oembed&autoplay=0&loop=0&controls=1&mute=0\" frameborder=\"0\" allow=\"accelerometer; autoplay; clipboard-write; encrypted-media; gyroscope; picture-in-picture; web-share\" referrerpolicy=\"strict-origin-when-cross-origin\" allowfullscreen><\/iframe><\/div><\/script><div class='av-click-to-play-overlay'><div class=\"avia_playpause_icon\"><\/div><\/div><\/div><\/div><\/div><!--close column table wrapper. Autoclose: 1 -->\n\n<\/div><\/div><\/div><!-- close content main div --><\/div><\/div>\n<style type=\"text\/css\" data-created_by=\"avia_inline_auto\" id=\"style-css-av-hd5yk-9a8eabe270ba716299f4f1cb61770ed8\">\n.avia-section.av-hd5yk-9a8eabe270ba716299f4f1cb61770ed8{\nbackground-color:#f8f8f8;\nbackground-image:unset;\n}\n<\/style>\n<div id='av_section_6'  class='avia-section av-hd5yk-9a8eabe270ba716299f4f1cb61770ed8 main_color avia-section-default avia-no-shadow  avia-builder-el-20  el_after_av_section  avia-builder-el-last  avia-bg-style-scroll container_wrap fullsize'  ><div class='container av-section-cont-open' ><div class='template-page content  av-content-full alpha units'><div class='post-entry post-entry-type-page post-entry-4509'><div class='entry-content-wrapper clearfix'>\n<div class='flex_column_table av-6qhq4-539cecc7a30734c29e7c6c319f262f91 sc-av_one_full av-break-at-tablet-flextable av-equal-height-column-flextable'><div  class='flex_column av-6qhq4-539cecc7a30734c29e7c6c319f262f91 av_one_full  avia-builder-el-21  el_before_av_image  avia-builder-el-first  first av-break-at-tablet flex_column_table_cell av-equal-height-column av-align-middle  '     ><section  class='av_textblock_section av-m0wnxhwh-68a80d1feb08ed7ab5f25a44194fff2d '   itemscope=\"itemscope\" itemtype=\"https:\/\/schema.org\/CreativeWork\" ><div class='avia_textblock'  itemprop=\"text\" ><div class=\"leftaligncenter\">\n<h2>Matteo Eydallin<\/h2>\n<p>Matteo, athl\u00e8te de la Nationale Italienne de Ski Alpinisme, a fait ses d\u00e9buts dans cette discipline en 2003 en participant au Troph\u00e9e Bozzetti. Il a gagn\u00e9 3 fois le Troph\u00e9e Mezzalama, l\u2019une des courses les plus connues dans le monde du ski alpinisme et 4 fois de suite la Pierra Menta, l\u2019une des courses internationales la plus difficile. R\u00e9sultats M\u00e9daille d\u2019or \u2013 Championnats d\u2019Europe par \u00e9quipes 2009<br \/>\n M\u00e9daille d\u2019or \u2013 Championnats du Monde par \u00e9quipes 2011<br \/>\n M\u00e9daille d\u2019or \u2013 Championnats du Monde en relais 2011<br \/>\nM\u00e9daille de bronze \u2013 Championnats du Monde en relais 2012 Championnats du Monde de Ski Alpinisme 7 m\u00e9dailles 2 or \u2013 relais, team race et 1 bronze \u2013 individuel (Verbier 2015)<br \/>\n2 or \u2013 relais, team race (Claut 2011)<br \/>\n1 bronze (Pelvoux 2013)<br \/>\n1 or \u2013 team race (Alpago-Piancavallo 2017) Championnats d\u2019Europe de Ski Alpinisme 3 medailles d\u2019or 1 or \u2013 team race (Tambre 2009)<br \/>\n1 argent (individuel \u00e0 Font Blanca 2014); 1 bronze (relais \u00e0 Pelvoux 2012) Coupe du Monde<br \/>\n3\u00e8me place au classement g\u00e9n\u00e9rale Vainqueur de la Coupe du Monde 2015<br \/>\n\u00ab sp\u00e9cialit\u00e9s longue distance \u00bb <\/p>\n<\/div>\n<\/div><\/section><\/div><\/div><!--close column table wrapper. Autoclose: 1 -->\n<style type=\"text\/css\" data-created_by=\"avia_inline_auto\" id=\"style-css-av-m0wny6we-ab7369d69be821d886742947285657be\">\n.avia-image-container.av-m0wny6we-ab7369d69be821d886742947285657be img.avia_image{\nbox-shadow:none;\n}\n.avia-image-container.av-m0wny6we-ab7369d69be821d886742947285657be .av-image-caption-overlay-center{\ncolor:#ffffff;\n}\n<\/style>\n<div  class='avia-image-container av-m0wny6we-ab7369d69be821d886742947285657be av-styling- avia-align-center  avia-builder-el-23  el_after_av_one_full  avia-builder-el-last '   itemprop=\"image\" itemscope=\"itemscope\" itemtype=\"https:\/\/schema.org\/ImageObject\" ><div class=\"avia-image-container-inner\"><div class=\"avia-image-overlay-wrap\"><img decoding=\"async\" fetchpriority=\"high\" class='wp-image-2329 avia-img-lazy-loading-not-2329 avia_image ' src=\"https:\/\/sauzedoulx.net\/wp-content\/uploads\/2024\/09\/me-1030x539-1.jpg\" alt='' title='me-1030x539'  height=\"539\" width=\"1030\"  itemprop=\"thumbnailUrl\" srcset=\"https:\/\/sauzedoulx.net\/wp-content\/uploads\/2024\/09\/me-1030x539-1.jpg 1030w, https:\/\/sauzedoulx.net\/wp-content\/uploads\/2024\/09\/me-1030x539-1-300x157.jpg 300w, https:\/\/sauzedoulx.net\/wp-content\/uploads\/2024\/09\/me-1030x539-1-768x402.jpg 768w, https:\/\/sauzedoulx.net\/wp-content\/uploads\/2024\/09\/me-1030x539-1-705x369.jpg 705w\" sizes=\"(max-width: 1030px) 100vw, 1030px\" \/><\/div><\/div><\/div>\n\n","protected":false},"excerpt":{"rendered":"","protected":false},"author":1,"featured_media":2317,"parent":4479,"menu_order":0,"comment_status":"closed","ping_status":"closed","template":"","meta":{"footnotes":""},"class_list":["post-4509","page","type-page","status-publish","has-post-thumbnail","hentry"],"_links":{"self":[{"href":"https:\/\/sauzedoulx.net\/fr\/wp-json\/wp\/v2\/pages\/4509","targetHints":{"allow":["GET"]}}],"collection":[{"href":"https:\/\/sauzedoulx.net\/fr\/wp-json\/wp\/v2\/pages"}],"about":[{"href":"https:\/\/sauzedoulx.net\/fr\/wp-json\/wp\/v2\/types\/page"}],"author":[{"embeddable":true,"href":"https:\/\/sauzedoulx.net\/fr\/wp-json\/wp\/v2\/users\/1"}],"replies":[{"embeddable":true,"href":"https:\/\/sauzedoulx.net\/fr\/wp-json\/wp\/v2\/comments?post=4509"}],"version-history":[{"count":0,"href":"https:\/\/sauzedoulx.net\/fr\/wp-json\/wp\/v2\/pages\/4509\/revisions"}],"up":[{"embeddable":true,"href":"https:\/\/sauzedoulx.net\/fr\/wp-json\/wp\/v2\/pages\/4479"}],"wp:featuredmedia":[{"embeddable":true,"href":"https:\/\/sauzedoulx.net\/fr\/wp-json\/wp\/v2\/media\/2317"}],"wp:attachment":[{"href":"https:\/\/sauzedoulx.net\/fr\/wp-json\/wp\/v2\/media?parent=4509"}],"curies":[{"name":"wp","href":"https:\/\/api.w.org\/{rel}","templated":true}]}}